{"id":236490,"date":"2026-08-28T22:09:08","date_gmt":"2026-08-28T20:09:08","guid":{"rendered":"https:\/\/www.voustensports.com\/genti-parka-wynn-bleu-fonce-43245\/"},"modified":"2026-08-28T23:03:10","modified_gmt":"2026-08-28T21:03:10","slug":"genti-parka-wynn-bleu-fonce-43245","status":"publish","type":"product","link":"https:\/\/www.voustensports.com\/fr\/genti-parka-wynn-bleu-fonce-43245\/","title":{"rendered":"Genti &#8211; Parka Wynn Bleu Fonc\u00e9 (43245)"},"content":{"rendered":"<p class=\"PDq2pG_selectionAnchorContainer\" data-start=\"2086\" data-end=\"2108\"><strong data-start=\"2086\" data-end=\"2108\">D\u00e9tails du produit<\/strong><\/p>\n<p data-start=\"2110\" data-end=\"2592\">La parka Wynn de Genti associe fonctionnalit\u00e9 moderne et esth\u00e9tique \u00e9pur\u00e9e et minimaliste. Gr\u00e2ce \u00e0 sa longueur plus importante, sa capuche confortable et sa mati\u00e8re technique en nylon l\u00e9g\u00e8re, cette veste offre une protection optimale par temps froid tout en pr\u00e9servant le confort et le style. La mati\u00e8re stretch procure une libert\u00e9 de mouvement suppl\u00e9mentaire et un ajustement confortable. Le design matelass\u00e9 et les poches fonctionnelles apportent une finition moderne et pratique.<\/p>\n<p data-start=\"2594\" data-end=\"2603\"><strong data-start=\"2594\" data-end=\"2603\">Style<\/strong><\/p>\n<ul data-start=\"2605\" data-end=\"2826\">\n<li data-start=\"2605\" data-end=\"2625\">Coupe confortable.<\/li>\n<li data-start=\"2626\" data-end=\"2653\">Longueur plus importante.<\/li>\n<li data-start=\"2654\" data-end=\"2673\">Design matelass\u00e9.<\/li>\n<li data-start=\"2674\" data-end=\"2707\">Capuche avec cordon de serrage.<\/li>\n<li data-start=\"2708\" data-end=\"2725\">Poches \u00e0 rabat.<\/li>\n<li data-start=\"2726\" data-end=\"2767\">Fermeture zipp\u00e9e avec boutons-pression.<\/li>\n<li data-start=\"2768\" data-end=\"2805\">Mati\u00e8re technique en nylon stretch.<\/li>\n<li data-start=\"2806\" data-end=\"2826\">Conception l\u00e9g\u00e8re.<\/li>\n<\/ul>\n<p data-start=\"2828\" data-end=\"2843\"><strong data-start=\"2828\" data-end=\"2843\">Composition<\/strong><\/p>\n<ul data-start=\"2845\" data-end=\"2969\">\n<li data-start=\"2845\" data-end=\"2885\">Mati\u00e8re : 90 % nylon, 10 % \u00e9lasthanne.<\/li>\n<li data-start=\"2886\" data-end=\"2909\">Coloris : Bleu fonc\u00e9.<\/li>\n<li data-start=\"2910\" data-end=\"2947\">R\u00e9f\u00e9rence produit : N5030-1835-010.<\/li>\n<li data-start=\"2948\" data-end=\"2969\">ID produit : 43245.<\/li>\n<\/ul>\n","protected":false},"excerpt":{"rendered":"<p>D\u00e9tails du produit La parka Wynn de Genti associe fonctionnalit\u00e9 moderne et esth\u00e9tique \u00e9pur\u00e9e et minimaliste. Gr\u00e2ce \u00e0 sa longueur plus importante, sa capuche confortable et sa mati\u00e8re technique en nylon l\u00e9g\u00e8re, cette veste offre une protection optimale par temps froid tout en pr\u00e9servant le confort et le style. La mati\u00e8re stretch procure une libert\u00e9 [&#8230;]\n","protected":false},"featured_media":236478,"comment_status":"open","ping_status":"closed","template":"","meta":{"rank_math_lock_modified_date":false},"product_cat":[446,450,462,542,701,705,710,730],"product_tag":[],"class_list":{"0":"post-236490","1":"product","2":"type-product","3":"status-publish","4":"has-post-thumbnail","6":"product_cat-kleding-fr","7":"product_cat-heren-fr","8":"product_cat-vousten-sports-fr-2","9":"product_cat-jassen-fr","10":"product_cat-jackets-fr","11":"product_cat-jassen-jacks-fr","12":"product_cat-genti-fr","13":"product_cat-geen-categorie-fr","15":"first","16":"instock","17":"taxable","18":"shipping-taxable","19":"purchasable","20":"product-type-variable"},"acf":[],"yoast_head":"<!-- This site is optimized with the Yoast SEO plugin v23.9 - https:\/\/yoast.com\/wordpress\/plugins\/seo\/ -->\n<title>Genti - Parka Wynn Bleu Fonc\u00e9 (43245) - Vousten Sports<\/title>\n<meta name=\"robots\" content=\"index, follow, max-snippet:-1, max-image-preview:large, max-video-preview:-1\" \/>\n<link rel=\"canonical\" href=\"https:\/\/www.voustensports.com\/fr\/genti-parka-wynn-bleu-fonce-43245\/\" \/>\n<meta property=\"og:locale\" content=\"fr_FR\" \/>\n<meta property=\"og:type\" content=\"article\" \/>\n<meta property=\"og:title\" content=\"Genti - Parka Wynn Bleu Fonc\u00e9 (43245) - Vousten Sports\" \/>\n<meta property=\"og:description\" content=\"D\u00e9tails du produit La parka Wynn de Genti associe fonctionnalit\u00e9 moderne et esth\u00e9tique \u00e9pur\u00e9e et minimaliste. Gr\u00e2ce \u00e0 sa longueur plus importante, sa capuche confortable et sa mati\u00e8re technique en nylon l\u00e9g\u00e8re, cette veste offre une protection optimale par temps froid tout en pr\u00e9servant le confort et le style. La mati\u00e8re stretch procure une libert\u00e9 [...]\" \/>\n<meta property=\"og:url\" content=\"https:\/\/www.voustensports.com\/fr\/genti-parka-wynn-bleu-fonce-43245\/\" \/>\n<meta property=\"og:site_name\" content=\"Vousten Sports\" \/>\n<meta property=\"article:modified_time\" content=\"2026-08-28T21:03:10+00:00\" \/>\n<meta property=\"og:image\" content=\"https:\/\/www.voustensports.com\/wp-content\/uploads\/2023\/06\/N5030-1835-262-010_1.jpg\" \/>\n\t<meta property=\"og:image:width\" content=\"1500\" \/>\n\t<meta property=\"og:image:height\" content=\"2000\" \/>\n\t<meta property=\"og:image:type\" content=\"image\/jpeg\" \/>\n<meta name=\"twitter:card\" content=\"summary_large_image\" \/>\n<meta name=\"twitter:label1\" content=\"Est. reading time\" \/>\n\t<meta name=\"twitter:data1\" content=\"1 minute\" \/>\n<script type=\"application\/ld+json\" class=\"yoast-schema-graph\">{\"@context\":\"https:\/\/schema.org\",\"@graph\":[{\"@type\":\"WebPage\",\"@id\":\"https:\/\/www.voustensports.com\/fr\/genti-parka-wynn-bleu-fonce-43245\/\",\"url\":\"https:\/\/www.voustensports.com\/fr\/genti-parka-wynn-bleu-fonce-43245\/\",\"name\":\"Genti - Parka Wynn Bleu Fonc\u00e9 (43245) - Vousten Sports\",\"isPartOf\":{\"@id\":\"https:\/\/www.voustensports.com\/nl\/#website\"},\"primaryImageOfPage\":{\"@id\":\"https:\/\/www.voustensports.com\/fr\/genti-parka-wynn-bleu-fonce-43245\/#primaryimage\"},\"image\":{\"@id\":\"https:\/\/www.voustensports.com\/fr\/genti-parka-wynn-bleu-fonce-43245\/#primaryimage\"},\"thumbnailUrl\":\"https:\/\/www.voustensports.com\/wp-content\/uploads\/2023\/06\/N5030-1835-262-010_1.jpg\",\"datePublished\":\"2026-08-28T20:09:08+00:00\",\"dateModified\":\"2026-08-28T21:03:10+00:00\",\"breadcrumb\":{\"@id\":\"https:\/\/www.voustensports.com\/fr\/genti-parka-wynn-bleu-fonce-43245\/#breadcrumb\"},\"inLanguage\":\"fr-FR\",\"potentialAction\":[{\"@type\":\"ReadAction\",\"target\":[\"https:\/\/www.voustensports.com\/fr\/genti-parka-wynn-bleu-fonce-43245\/\"]}]},{\"@type\":\"ImageObject\",\"inLanguage\":\"fr-FR\",\"@id\":\"https:\/\/www.voustensports.com\/fr\/genti-parka-wynn-bleu-fonce-43245\/#primaryimage\",\"url\":\"https:\/\/www.voustensports.com\/wp-content\/uploads\/2023\/06\/N5030-1835-262-010_1.jpg\",\"contentUrl\":\"https:\/\/www.voustensports.com\/wp-content\/uploads\/2023\/06\/N5030-1835-262-010_1.jpg\",\"width\":1500,\"height\":2000},{\"@type\":\"BreadcrumbList\",\"@id\":\"https:\/\/www.voustensports.com\/fr\/genti-parka-wynn-bleu-fonce-43245\/#breadcrumb\",\"itemListElement\":[{\"@type\":\"ListItem\",\"position\":1,\"name\":\"Home\",\"item\":\"https:\/\/www.voustensports.com\/fr\/\"},{\"@type\":\"ListItem\",\"position\":2,\"name\":\"Boutique\",\"item\":\"https:\/\/www.voustensports.com\/fr\/shop\/\"},{\"@type\":\"ListItem\",\"position\":3,\"name\":\"Genti &#8211; Parka Wynn Bleu Fonc\u00e9 (43245)\"}]},{\"@type\":\"WebSite\",\"@id\":\"https:\/\/www.voustensports.com\/nl\/#website\",\"url\":\"https:\/\/www.voustensports.com\/nl\/\",\"name\":\"Vousten Sports\",\"description\":\"\",\"potentialAction\":[{\"@type\":\"SearchAction\",\"target\":{\"@type\":\"EntryPoint\",\"urlTemplate\":\"https:\/\/www.voustensports.com\/nl\/?s={search_term_string}\"},\"query-input\":{\"@type\":\"PropertyValueSpecification\",\"valueRequired\":true,\"valueName\":\"search_term_string\"}}],\"inLanguage\":\"fr-FR\"}]}<\/script>\n<!-- \/ Yoast SEO plugin. -->","yoast_head_json":{"title":"Genti - Parka Wynn Bleu Fonc\u00e9 (43245) - Vousten Sports","robots":{"index":"index","follow":"follow","max-snippet":"max-snippet:-1","max-image-preview":"max-image-preview:large","max-video-preview":"max-video-preview:-1"},"canonical":"https:\/\/www.voustensports.com\/fr\/genti-parka-wynn-bleu-fonce-43245\/","og_locale":"fr_FR","og_type":"article","og_title":"Genti - Parka Wynn Bleu Fonc\u00e9 (43245) - Vousten Sports","og_description":"D\u00e9tails du produit La parka Wynn de Genti associe fonctionnalit\u00e9 moderne et esth\u00e9tique \u00e9pur\u00e9e et minimaliste. Gr\u00e2ce \u00e0 sa longueur plus importante, sa capuche confortable et sa mati\u00e8re technique en nylon l\u00e9g\u00e8re, cette veste offre une protection optimale par temps froid tout en pr\u00e9servant le confort et le style. La mati\u00e8re stretch procure une libert\u00e9 [...]","og_url":"https:\/\/www.voustensports.com\/fr\/genti-parka-wynn-bleu-fonce-43245\/","og_site_name":"Vousten Sports","article_modified_time":"2026-08-28T21:03:10+00:00","og_image":[{"width":1500,"height":2000,"url":"https:\/\/www.voustensports.com\/wp-content\/uploads\/2023\/06\/N5030-1835-262-010_1.jpg","type":"image\/jpeg"}],"twitter_card":"summary_large_image","twitter_misc":{"Est. reading time":"1 minute"},"schema":{"@context":"https:\/\/schema.org","@graph":[{"@type":"WebPage","@id":"https:\/\/www.voustensports.com\/fr\/genti-parka-wynn-bleu-fonce-43245\/","url":"https:\/\/www.voustensports.com\/fr\/genti-parka-wynn-bleu-fonce-43245\/","name":"Genti - Parka Wynn Bleu Fonc\u00e9 (43245) - Vousten Sports","isPartOf":{"@id":"https:\/\/www.voustensports.com\/nl\/#website"},"primaryImageOfPage":{"@id":"https:\/\/www.voustensports.com\/fr\/genti-parka-wynn-bleu-fonce-43245\/#primaryimage"},"image":{"@id":"https:\/\/www.voustensports.com\/fr\/genti-parka-wynn-bleu-fonce-43245\/#primaryimage"},"thumbnailUrl":"https:\/\/www.voustensports.com\/wp-content\/uploads\/2023\/06\/N5030-1835-262-010_1.jpg","datePublished":"2026-08-28T20:09:08+00:00","dateModified":"2026-08-28T21:03:10+00:00","breadcrumb":{"@id":"https:\/\/www.voustensports.com\/fr\/genti-parka-wynn-bleu-fonce-43245\/#breadcrumb"},"inLanguage":"fr-FR","potentialAction":[{"@type":"ReadAction","target":["https:\/\/www.voustensports.com\/fr\/genti-parka-wynn-bleu-fonce-43245\/"]}]},{"@type":"ImageObject","inLanguage":"fr-FR","@id":"https:\/\/www.voustensports.com\/fr\/genti-parka-wynn-bleu-fonce-43245\/#primaryimage","url":"https:\/\/www.voustensports.com\/wp-content\/uploads\/2023\/06\/N5030-1835-262-010_1.jpg","contentUrl":"https:\/\/www.voustensports.com\/wp-content\/uploads\/2023\/06\/N5030-1835-262-010_1.jpg","width":1500,"height":2000},{"@type":"BreadcrumbList","@id":"https:\/\/www.voustensports.com\/fr\/genti-parka-wynn-bleu-fonce-43245\/#breadcrumb","itemListElement":[{"@type":"ListItem","position":1,"name":"Home","item":"https:\/\/www.voustensports.com\/fr\/"},{"@type":"ListItem","position":2,"name":"Boutique","item":"https:\/\/www.voustensports.com\/fr\/shop\/"},{"@type":"ListItem","position":3,"name":"Genti &#8211; Parka Wynn Bleu Fonc\u00e9 (43245)"}]},{"@type":"WebSite","@id":"https:\/\/www.voustensports.com\/nl\/#website","url":"https:\/\/www.voustensports.com\/nl\/","name":"Vousten Sports","description":"","potentialAction":[{"@type":"SearchAction","target":{"@type":"EntryPoint","urlTemplate":"https:\/\/www.voustensports.com\/nl\/?s={search_term_string}"},"query-input":{"@type":"PropertyValueSpecification","valueRequired":true,"valueName":"search_term_string"}}],"inLanguage":"fr-FR"}]}},"_links":{"self":[{"href":"https:\/\/www.voustensports.com\/fr\/wp-json\/wp\/v2\/product\/236490","targetHints":{"allow":["GET"]}}],"collection":[{"href":"https:\/\/www.voustensports.com\/fr\/wp-json\/wp\/v2\/product"}],"about":[{"href":"https:\/\/www.voustensports.com\/fr\/wp-json\/wp\/v2\/types\/product"}],"replies":[{"embeddable":true,"href":"https:\/\/www.voustensports.com\/fr\/wp-json\/wp\/v2\/comments?post=236490"}],"wp:featuredmedia":[{"embeddable":true,"href":"https:\/\/www.voustensports.com\/fr\/wp-json\/wp\/v2\/media\/236478"}],"wp:attachment":[{"href":"https:\/\/www.voustensports.com\/fr\/wp-json\/wp\/v2\/media?parent=236490"}],"wp:term":[{"taxonomy":"product_cat","embeddable":true,"href":"https:\/\/www.voustensports.com\/fr\/wp-json\/wp\/v2\/product_cat?post=236490"},{"taxonomy":"product_tag","embeddable":true,"href":"https:\/\/www.voustensports.com\/fr\/wp-json\/wp\/v2\/product_tag?post=236490"}],"curies":[{"name":"wp","href":"https:\/\/api.w.org\/{rel}","templated":true}]}}